{"id":28,"date":"2025-08-15T22:19:23","date_gmt":"2025-08-15T22:19:23","guid":{"rendered":"https:\/\/pro-solutions.cl\/index.php\/inicio\/"},"modified":"2025-08-16T01:19:19","modified_gmt":"2025-08-16T01:19:19","slug":"inicio","status":"publish","type":"page","link":"https:\/\/pro-solutions.cl\/","title":{"rendered":"Consultores Especialistas en Prevenci\u00f3n de Riesgos y Medio Ambiente"},"content":{"rendered":"\n\n\n\nSobre nosotros\n\n\n\n<p class=\"MsoNormal\" style=\"text-decoration-style: initial; letter-spacing: normal; text-transform: capitalize;\"><font dir=\"auto\" style=\"vertical-align: inherit;\"><font dir=\"auto\" style=\"vertical-align: inherit;\"><font dir=\"auto\" style=\"vertical-align: inherit;\">Somos una empresa chilena especializada en&nbsp; <\/font><\/font><\/font><font dir=\"auto\" style=\"vertical-align: inherit;\"><font dir=\"auto\" style=\"vertical-align: inherit;\"><font dir=\"auto\" style=\"vertical-align: inherit;\">servicios de ingenier\u00eda en prevenci\u00f3n de Riesgos &amp; Medio Ambiente, capacitaci\u00f3n, seguridad y soluciones integrales <\/font><\/font><\/font><font dir=\"auto\" style=\"vertical-align: inherit;\">&nbsp;<font dir=\"auto\" style=\"vertical-align: inherit;\"><font dir=\"auto\" style=\"vertical-align: inherit;\">para apoyar a las organizaciones en la mejora de su gesti\u00f3n y cumplimiento normativo.<\/font><\/font><\/font><o:p><\/o:p><\/p><p class=\"MsoNormal\" style=\"text-decoration-style: initial; letter-spacing: normal; text-transform: capitalize;\"><font dir=\"auto\" style=\"vertical-align: inherit;\"><font dir=\"auto\" style=\"vertical-align: inherit;\"><font dir=\"auto\" style=\"vertical-align: inherit;\">Sus principales \u00e1reas de acci\u00f3n son:<\/font><\/font><\/font><o:p><\/o:p><\/p><h1 type=\"disc\" style=\"margin-top: 0cm; text-decoration-style: initial; letter-spacing: normal; text-transform: capitalize;\"><li class=\"MsoNormal\"><font dir=\"auto\" style=\"vertical-align: inherit;\"><font dir=\"auto\" style=\"vertical-align: inherit;\"><font dir=\"auto\" style=\"vertical-align: inherit;\">Prevenci\u00f3n de riesgos laborales y Medio Ambiente.<\/font><\/font><\/font><o:p><\/o:p><\/li><li class=\"MsoNormal\"><font dir=\"auto\" style=\"vertical-align: inherit;\"><font dir=\"auto\" style=\"vertical-align: inherit;\"><font dir=\"auto\" style=\"vertical-align: inherit;\">Capacitaci\u00f3n y formaci\u00f3n de trabajadores.<\/font><\/font><\/font><o:p><\/o:p><\/li><li class=\"MsoNormal\"><font dir=\"auto\" style=\"vertical-align: inherit;\"><font dir=\"auto\" style=\"vertical-align: inherit;\"><font dir=\"auto\" style=\"vertical-align: inherit;\">Consultor\u00eda en gesti\u00f3n de calidad, seguridad y medio ambiente.<\/font><\/font><\/font><\/li><li class=\"MsoNormal\"><font dir=\"auto\" style=\"vertical-align: inherit;\"><font dir=\"auto\" style=\"vertical-align: inherit;\"><font dir=\"auto\" style=\"vertical-align: inherit;\">Soporte con profesionales para la gesti\u00f3n HSEC en miner\u00eda, construcci\u00f3n<\/font><\/font><font dir=\"auto\" style=\"vertical-align: inherit;\"><font dir=\"auto\" style=\"vertical-align: inherit;\"> .<\/font><\/font><\/font><\/li><\/h1><h1 style=\"text-decoration-style: initial; letter-spacing: normal; text-transform: capitalize;\"><\/h1><h1 class=\"MsoNormal\" style=\"text-decoration-style: initial; letter-spacing: normal; text-transform: capitalize;\"><font dir=\"auto\" style=\"vertical-align: inherit;\"><font dir=\"auto\" style=\"vertical-align: inherit;\"><font dir=\"auto\" style=\"vertical-align: inherit;\">En pocas palabras, Pro &#8211; Solutions se presenta como un<\/font><\/font>&nbsp;<\/font><font dir=\"auto\" style=\"vertical-align: inherit;\"><font dir=\"auto\" style=\"vertical-align: inherit;\"><font dir=\"auto\" style=\"vertical-align: inherit;\">aliado estrat\u00e9gico para empresas <\/font><\/font><\/font><font dir=\"auto\" style=\"vertical-align: inherit;\">&nbsp;<font dir=\"auto\" style=\"vertical-align: inherit;\"><font dir=\"auto\" style=\"vertical-align: inherit;\">que buscan <\/font><\/font>&nbsp;<\/font><font dir=\"auto\" style=\"vertical-align: inherit;\"><font dir=\"auto\" style=\"vertical-align: inherit;\"><font dir=\"auto\" style=\"vertical-align: inherit;\">optimizar su productividad <\/font><\/font><\/font><font dir=\"auto\" style=\"vertical-align: inherit;\">&nbsp;<font dir=\"auto\" style=\"vertical-align: inherit;\"><font dir=\"auto\" style=\"vertical-align: inherit;\">, <\/font><\/font>&nbsp;<\/font><font dir=\"auto\" style=\"vertical-align: inherit;\"><font dir=\"auto\" style=\"vertical-align: inherit;\"><font dir=\"auto\" style=\"vertical-align: inherit;\">cumplir normativas <\/font><\/font><\/font><font dir=\"auto\" style=\"vertical-align: inherit;\">&nbsp;<font dir=\"auto\" style=\"vertical-align: inherit;\"><font dir=\"auto\" style=\"vertical-align: inherit;\">y <\/font><\/font>&nbsp;<\/font><font dir=\"auto\" style=\"vertical-align: inherit;\"><font dir=\"auto\" style=\"vertical-align: inherit;\"><font dir=\"auto\" style=\"vertical-align: inherit;\">proteger a sus trabajadores <\/font><\/font><\/font><font dir=\"auto\" style=\"vertical-align: inherit;\">&nbsp;<font dir=\"auto\" style=\"vertical-align: inherit;\"><font dir=\"auto\" style=\"vertical-align: inherit;\">a trav\u00e9s de soluciones integrales.<\/font><\/font><\/font><\/h1>\n\n\n\n\n\n\nMISI\u00d3N\n<p class=\"MsoNormal\">Somos una empresa vanguardista, comprometida en entregar\nservicios de excelencia, respaldados por la calidad, el profesionalismo y la\ndedicaci\u00f3n que nuestros clientes m\u00e1s exigentes merecen.<o:p><\/o:p><\/p>\n\n\n<p>Lorem Ipsum has been the industry&#8217;s standard dummy text ever since the 1500s.<\/p>\n\n\n\n\n\n\n\n<font dir=\"auto\" style=\"vertical-align: inherit;\"><font dir=\"auto\" style=\"vertical-align: inherit;\">\n\n\n\n\n\n\n\n\n\nVISI\u00d3N<\/font><\/font>\n<p class=\"MsoNormal\">\u201cSer una empresa l\u00edder a nivel nacional, reconocida por\nofrecer soluciones integrales que satisfacen las necesidades de nuestros\nclientes, respaldadas por la excelencia de nuestros profesionales y la calidad\nde nuestros servicios. Aspiramos a generar valor en cada gesti\u00f3n, contribuyendo\nal control de los riesgos y variables que puedan impactar a las\norganizaciones.\u201d<o:p><\/o:p><\/p>\n\n\n\n\n<h4><strong><u style=\"\">OBJETIVOS<\/u><\/strong><\/h4>\n\n\n\n\n\n<font dir=\"auto\" style=\"vertical-align: inherit;\"><font dir=\"auto\" style=\"vertical-align: inherit;\">Prevenir <strong>accidentes y enfermedades laborales<\/strong><br><\/font><\/font>Implementar\n     sistemas y medidas que protejan la salud y seguridad de los trabajadores.\n<font dir=\"auto\" style=\"vertical-align: inherit;\"><font dir=\"auto\" style=\"vertical-align: inherit;\">Cumplimiento <strong>legal y normativo<\/strong><br>A<\/font><\/font>segurar\n     que las empresas cumplan con la legislaci\u00f3n vigente en prevenci\u00f3n de\n     riesgos y medio ambiente (DS 594, DS 44, normativa ambiental, entre\n     otras).\n<font dir=\"auto\" style=\"vertical-align: inherit;\"><font dir=\"auto\" style=\"vertical-align: inherit;\">Reducci\u00f3n <strong>de impactos ambientales<\/strong><br><\/font><\/font>Dise\u00f1ar\n     e implementar planes que minimicen la contaminaci\u00f3n, optimicen el uso de\n     recursos y fomenten pr\u00e1cticas sostenibles.\n<font dir=\"auto\" style=\"vertical-align: inherit;\"><font dir=\"auto\" style=\"vertical-align: inherit;\">Fortalecer la <strong>cultura preventiva y ambiental<\/strong>.<br><\/font><\/font>Capacitar\n     a trabajadores y directivos para que adopten conductas seguras y\n     responsables con el entorno.\n<font dir=\"auto\" style=\"vertical-align: inherit;\"><font dir=\"auto\" style=\"vertical-align: inherit;\">Gesti\u00f3n <strong>de riesgos y mejora continua<br><\/strong><\/font><\/font>Identificar,\n     evaluar y controlar los riesgos laborales y ambientales, promoviendo la\n     mejora permanente de procesos.\n<font dir=\"auto\" style=\"vertical-align: inherit;\"><font dir=\"auto\" style=\"vertical-align: inherit;\">Optimizar la <strong>productividad empresarial<br><\/strong><\/font><\/font>Integrar\n     la seguridad y la gesti\u00f3n ambiental como herramientas estrat\u00e9gicas que\n     reducen costos, p\u00e9rdidas y tiempos de inactividad.\n<font dir=\"auto\" style=\"vertical-align: inherit;\"><font dir=\"auto\" style=\"vertical-align: inherit;\">Asesor\u00eda en <strong>sistemas de gesti\u00f3n<br><\/strong><\/font><\/font>Apoyar\n     en la implementaci\u00f3n y certificaci\u00f3n de normas internacionales como ISO\n     45001 (Seguridad y Salud en el Trabajo) e ISO 14001 (Gesti\u00f3n\n     Ambiental)\n\n\n\n","protected":false},"excerpt":{"rendered":"","protected":false},"author":1,"featured_media":0,"parent":0,"menu_order":0,"comment_status":"closed","ping_status":"closed","template":"","meta":{"pagelayer_contact_templates":[],"_pagelayer_content":"","_themeisle_gutenberg_block_has_review":false,"footnotes":""},"class_list":["post-28","page","type-page","status-publish","hentry"],"_links":{"self":[{"href":"https:\/\/pro-solutions.cl\/index.php\/wp-json\/wp\/v2\/pages\/28","targetHints":{"allow":["GET"]}}],"collection":[{"href":"https:\/\/pro-solutions.cl\/index.php\/wp-json\/wp\/v2\/pages"}],"about":[{"href":"https:\/\/pro-solutions.cl\/index.php\/wp-json\/wp\/v2\/types\/page"}],"author":[{"embeddable":true,"href":"https:\/\/pro-solutions.cl\/index.php\/wp-json\/wp\/v2\/users\/1"}],"replies":[{"embeddable":true,"href":"https:\/\/pro-solutions.cl\/index.php\/wp-json\/wp\/v2\/comments?post=28"}],"version-history":[{"count":11,"href":"https:\/\/pro-solutions.cl\/index.php\/wp-json\/wp\/v2\/pages\/28\/revisions"}],"predecessor-version":[{"id":80,"href":"https:\/\/pro-solutions.cl\/index.php\/wp-json\/wp\/v2\/pages\/28\/revisions\/80"}],"wp:attachment":[{"href":"https:\/\/pro-solutions.cl\/index.php\/wp-json\/wp\/v2\/media?parent=28"}],"curies":[{"name":"wp","href":"https:\/\/api.w.org\/{rel}","templated":true}]}}